{"id":3829,"date":"2021-05-26T10:23:30","date_gmt":"2021-05-26T09:23:30","guid":{"rendered":"https:\/\/www.atelierlf.com\/?page_id=3829"},"modified":"2025-07-14T14:15:09","modified_gmt":"2025-07-14T13:15:09","slug":"reglement-interne-aux-formations","status":"publish","type":"page","link":"https:\/\/www.atelierlf.com\/en\/reglement-interne-aux-formations\/","title":{"rendered":"R\u00e8glement interne aux formations:"},"content":{"rendered":"<h2 class=\"has-text-align-left wp-block-heading\">I. Note d&#8217;intention:<\/h2>\n\n\n\n<p>Le R\u00e8glement s\u2019applique \u00e0 tous les participants de formations dispens\u00e9es par l\u2019atelier Lionel Fernandes et ce, pour toute la dur\u00e9e de la formation suivie. Chaque b\u00e9n\u00e9ficiaire accepte les termes du pr\u00e9sent r\u00e8glement lorsqu\u2019il suit une formation et accepte que des mesures soient prises \u00e0 son \u00e9gard en cas de non-respect de ce dernier.<\/p>\n\n\n\n<h2 class=\"wp-block-heading\">II. Hygi\u00e8ne et s\u00e9curit\u00e9\u00a0:<\/h2>\n\n\n\n<p>La pr\u00e9vention des risques d\u2019accidents et de maladies est imp\u00e9rative et exige de chacun un respect total de toutes les prescriptions applicables en mati\u00e8re d\u2019hygi\u00e8ne et de s\u00e9curit\u00e9. A cet effet, les consignes g\u00e9n\u00e9rales et particuli\u00e8res de s\u00e9curit\u00e9 en vigueur dans l\u2019organisme qui h\u00e9berge la formation (<em>lieux de formation<\/em>) ou\/et stipul\u00e9es par les formateurs, doivent \u00eatre strictement respect\u00e9es .<\/p>\n\n\n\n<h2 class=\"wp-block-heading\">III. Accident\u00a0:<\/h2>\n\n\n\n<p>Tout accident ou incident survenu en cours de formation doit \u00eatre imp\u00e9rativement d\u00e9clar\u00e9 au formateur.<\/p>\n\n\n\n<h2 class=\"wp-block-heading\">IV. Assurances &#8211; Responsabilit\u00e9<\/h2>\n\n\n\n<p>L&#8217;Atelier Lionel Fernandes consid\u00e9rera comme <em>non avenu<\/em> toute r\u00e9clamation ou poursuite pour cause de <em>blessure physiqu<\/em>e ou pour <em>d\u00e9dommagement<\/em> au profit des participants, dans les cas suivants\u00a0:<\/p>\n\n\n\n<ol class=\"wp-block-list\"><li>L&#8217;apprenant n\u2019a pas suivi les r\u00e8gles d\u2019hygi\u00e8ne et s\u00e9curit\u00e9 communiqu\u00e9es par le formateur.<\/li><li>L&#8217;apprenant a de mani\u00e8re d\u00e9lib\u00e9r\u00e9e ou non, mis en danger par son action, son int\u00e9grit\u00e9 physique, ou celle des autres participants.<\/li><li>L&#8217;apprenant s\u2019engage \u00e0 <em>rembourser<\/em>, outillage, machine ou objet qu\u2019elle aurait d\u00e9t\u00e9rior\u00e9 par un <em>usage inappropri\u00e9.<\/em><\/li><\/ol>\n\n\n\n<p>Nous vous incitons vivement \u00e0 la<em> souscription <\/em>d\u2019une <em>assurance de responsabilit\u00e9 civile <\/em>et a une <em>couverture accident<\/em> afin de couvrir les dommages mat\u00e9riels ou corporels que vous pourrait occasionner ou recevoir .<\/p>\n\n\n\n<p>De mani\u00e8re g\u00e9n\u00e9rale notre atelier ne peut \u00eatre tenue pour responsable si l&#8217;apprenant ou un autre participant effectue des op\u00e9rations dangereuses pour elle ou autrui et la personne \u00e0 l&#8217;origine du trouble sera tenu d&#8217;assumer ces responsabilit\u00e9s.<\/p>\n\n\n\n<h2 class=\"wp-block-heading\">V. Discipline<\/h2>\n\n\n\n<p>Il est formellement interdit aux participants de fumer dans les locaux, de se pr\u00e9senter aux formations en \u00e9tat d\u2019\u00e9bri\u00e9t\u00e9 ou sous l\u2019effet d\u2019une substance psychotrope, sous peine d\u2019expulsion \u00e0 effet imm\u00e9diat.<\/p>\n\n\n\n<p>Tout propos ou attitude raciste, discriminante, de harc\u00e8lement ou d\u2019endoctrinement au cours de la formation et\/ou dans les temps de pause, expose la ou les personnes \u00e0 des sanctions p\u00e9nales et disciplinaires, avec expulsion imm\u00e9diate sans remboursement. Nous invitons nos participants \u00e0 avoir un comportement raisonnable et responsable.<\/p>\n\n\n\n<h2 class=\"wp-block-heading\">VI. Horaires :<\/h2>\n\n\n\n<p>Les apprenants sont tenus de respecter les horaires de formation. En cas d\u2019absence ou de retard \u00e0 la formation, avertissez le formateur car il ce peux que la formation soit reporter, et des frais compl\u00e9mentaires pourrait \u00eatre imputer en cas de r\u00e9ouverture d&#8217;une nouvelle sessions de formation. <\/p>\n\n\n\n<h2 class=\"wp-block-heading\">VII. Usage du mat\u00e9riel:<\/h2>\n\n\n\n<p>Chaque apprenant \u00e0 l\u2019obligation de conserver en bon \u00e9tat le mat\u00e9riel qui lui est confi\u00e9 en vue de sa formation. Les apprenants sont tenus d\u2019utiliser le mat\u00e9riel conform\u00e9ment \u00e0 son usage. A la fin de la formation, l\u2019apprenant est tenu de restituer tout mat\u00e9riel ou document en sa possession appartenant \u00e0 l\u2019organisme de formation, \u00e0 l\u2019exception du mat\u00e9riel p\u00e9dagogique.<\/p>\n\n\n\n<h2 class=\"wp-block-heading\">VIII. Responsabilit\u00e9 de l\u2019organisme en cas de perte, vol ou d\u00e9t\u00e9rioration :<\/h2>\n\n\n\n<p>Notre atelier d\u00e9cline toute responsabilit\u00e9 en cas de perte, vol ou d\u00e9t\u00e9rioration des objets personnels d\u00e9pos\u00e9 par les apprenants sur le lieu de formation.<\/p>\n\n\n\n<h2 class=\"wp-block-heading\">IX. Droits auteur \/ image<\/h2>\n\n\n\n<p>Il n\u2019est pas autoris\u00e9e <em>\u00e0 enregistrer ou filmer les s\u00e9ances de formation<\/em>, sauf d\u00e9rogation express du formateur. <\/p>\n\n\n\n<p>L&#8217;Atelier Lionel Fernandes <em>d\u00e9tient <\/em>les pleins droits d\u2019auteurs sur ses supports p\u00e9dagogiques. Les apprenants s\u2019<em>engage<\/em> \u00e0 ne pas r\u00e9utiliser autrement que pour un strict usage personnel, la <em>documentation p\u00e9dagogique<\/em> remise lors des s\u00e9ances de formation. Il est <em> formellement<\/em> interdit de diffuser, copier ou modifier les supports p\u00e9dagogiques.<\/p>\n\n\n\n<p>Notre atelier se r\u00e9serve le droit de prendre des <em>photos<\/em> lors de la formation dans le cadre unique des formations qu\u2019elle propose. Et s\u2019<em>engage<\/em> \u00e0 demander l\u2019accord des personnes qui appara\u00eetront sur les photos et devra les cr\u00e9diter en cas de diffusion.<\/p>\n\n\n\n<h2 class=\"wp-block-heading\">X. Modalit\u00e9s de payement:<\/h2>\n\n\n\n<p>Le<em> payement<\/em> de la formation s\u2019effectue en avance soit par virement sur le compte <\/p>\n\n\n\n<h2 class=\"wp-block-heading\">XI. Sanctions disciplinaire:<\/h2>\n\n\n\n<p>Tout manquement de l\u2019apprenant \u00e0 l\u2019une des dispositions du pr\u00e9sent r\u00e8glement pourra faire l\u2019objet d\u2019une sanction disciplinaire pouvant aller jusqu\u2019\u00e0 l\u2019expulsion imm\u00e9diate sans remboursement.<\/p>","protected":false},"excerpt":{"rendered":"<p>I. Note d&#8217;intention: Le R\u00e8glement s\u2019applique \u00e0 tous les participants de formations dispens\u00e9es par l\u2019atelier Lionel Fernandes et ce, pour toute la dur\u00e9e de la formation suivie. Chaque b\u00e9n\u00e9ficiaire accepte les termes du pr\u00e9sent r\u00e8glement[&#8230;]<\/p>\n","protected":false},"author":1,"featured_media":0,"parent":0,"menu_order":0,"comment_status":"closed","ping_status":"closed","template":"","meta":{"_coblocks_attr":"","_coblocks_dimensions":"","_coblocks_responsive_height":"","_coblocks_accordion_ie_support":"","footnotes":""},"class_list":["post-3829","page","type-page","status-publish","hentry"],"_links":{"self":[{"href":"https:\/\/www.atelierlf.com\/en\/wp-json\/wp\/v2\/pages\/3829","targetHints":{"allow":["GET"]}}],"collection":[{"href":"https:\/\/www.atelierlf.com\/en\/wp-json\/wp\/v2\/pages"}],"about":[{"href":"https:\/\/www.atelierlf.com\/en\/wp-json\/wp\/v2\/types\/page"}],"author":[{"embeddable":true,"href":"https:\/\/www.atelierlf.com\/en\/wp-json\/wp\/v2\/users\/1"}],"replies":[{"embeddable":true,"href":"https:\/\/www.atelierlf.com\/en\/wp-json\/wp\/v2\/comments?post=3829"}],"version-history":[{"count":0,"href":"https:\/\/www.atelierlf.com\/en\/wp-json\/wp\/v2\/pages\/3829\/revisions"}],"wp:attachment":[{"href":"https:\/\/www.atelierlf.com\/en\/wp-json\/wp\/v2\/media?parent=3829"}],"curies":[{"name":"wp","href":"https:\/\/api.w.org\/{rel}","templated":true}]}}